{"id":3565,"date":"2017-07-14T11:16:07","date_gmt":"2017-07-14T09:16:07","guid":{"rendered":"https:\/\/www.ediren.com\/lantaldea\/"},"modified":"2026-03-31T13:29:54","modified_gmt":"2026-03-31T11:29:54","slug":"lantaldea-2","status":"publish","type":"page","link":"https:\/\/www.ediren.com\/eu\/lantaldea-2\/","title":{"rendered":"Lantaldea"},"content":{"rendered":"\t\t<div data-elementor-type=\"wp-post\" data-elementor-id=\"3565\" class=\"elementor elementor-3565 elementor-550\">\n\t\t\t\t\t\t<section class=\"elementor-section elementor-top-section elementor-element elementor-element-kwjprhe elementor-section-stretched elementor-section-boxed elementor-section-height-default elementor-section-height-default\" data-id=\"kwjprhe\" data-element_type=\"section\" data-e-type=\"section\" data-settings=\"{&quot;stretch_section&quot;:&quot;section-stretched&quot;,&quot;background_background&quot;:&quot;classic&quot;}\">\n\t\t\t\t\t\t<div class=\"elementor-container elementor-column-gap-default\">\n\t\t\t\t\t<div class=\"elementor-column elementor-col-100 elementor-top-column elementor-element elementor-element-blwgpcs\" data-id=\"blwgpcs\" data-element_type=\"column\" data-e-type=\"column\" data-settings=\"{&quot;background_background&quot;:&quot;classic&quot;}\">\n\t\t\t<div class=\"elementor-widget-wrap elementor-element-populated\">\n\t\t\t\t\t\t<div class=\"elementor-element elementor-element-zvuzwnk elementor-widget elementor-widget-text-editor\" data-id=\"zvuzwnk\" data-element_type=\"widget\" data-e-type=\"widget\" data-widget_type=\"text-editor.default\">\n\t\t\t\t<div class=\"elementor-widget-container\">\n\t\t\t\t\t\t\t\t\t<h2 style=\"text-align: center;\">EDIRENen, diziplinarteko profesionalek osaturiko lantaldea dugu, non denek duten prestakuntza eta eskarmentu zabala.<\/h2>\n\t\t\t\t\t\t\t\t<\/div>\n\t\t\t\t<\/div>\n\t\t\t\t<div class=\"elementor-element elementor-element-tlwavcq elementor-view-default elementor-widget elementor-widget-icon\" data-id=\"tlwavcq\" data-element_type=\"widget\" data-e-type=\"widget\" data-widget_type=\"icon.default\">\n\t\t\t\t<div class=\"elementor-widget-container\">\n\t\t\t\t\t\t\t<div class=\"elementor-icon-wrapper\">\n\t\t\t<div class=\"elementor-icon\">\n\t\t\t\t\t\t\t<i class=\"fa fa-quote-right\" aria-hidden=\"true\"><\/i>\n\t\t\t\t\t\t<\/div>\n\t\t<\/div>\n\t\t\t\t\t\t<\/div>\n\t\t\t\t<\/div>\n\t\t\t\t\t<\/div>\n\t\t<\/div>\n\t\t\t\t\t<\/div>\n\t\t<\/section>\n\t\t\t\t<section class=\"elementor-section elementor-top-section elementor-element elementor-element-c8omfmb elementor-section-boxed elementor-section-height-default elementor-section-height-default\" data-id=\"c8omfmb\" data-element_type=\"section\" data-e-type=\"section\">\n\t\t\t\t\t\t<div class=\"elementor-container elementor-column-gap-default\">\n\t\t\t\t\t<div class=\"elementor-column elementor-col-100 elementor-top-column elementor-element elementor-element-i1ueu5p\" data-id=\"i1ueu5p\" data-element_type=\"column\" data-e-type=\"column\">\n\t\t\t<div class=\"elementor-widget-wrap elementor-element-populated\">\n\t\t\t\t\t\t<div class=\"elementor-element elementor-element-10e84cc elementor-widget elementor-widget-heading\" data-id=\"10e84cc\" data-element_type=\"widget\" data-e-type=\"widget\" data-widget_type=\"heading.default\">\n\t\t\t\t<div class=\"elementor-widget-container\">\n\t\t\t\t\t<h1 class=\"elementor-heading-title elementor-size-medium\">Equipo de Psic\u00f3logos y Fisioterapeutas<\/h1>\t\t\t\t<\/div>\n\t\t\t\t<\/div>\n\t\t\t\t<div class=\"elementor-element elementor-element-5mm2iuj elementor-widget elementor-widget-text-editor\" data-id=\"5mm2iuj\" data-element_type=\"widget\" data-e-type=\"widget\" data-widget_type=\"text-editor.default\">\n\t\t\t\t<div class=\"elementor-widget-container\">\n\t\t\t\t\t\t\t\t\t<p><strong>Lantaldea osatzen duten kide guztiek oinarrizko prestakuntza dute zenbait eremutan: Psikologia, Psikiatria, Pedagogia, Gizarte Heziketa, Fisioterapia, Enpresa Zientziak, Informazio Zientziak, etab.<\/strong><\/p>\n<p>Gainera, profesionaletako bakoitza hainbat arlotan espezializatuta dago, eta, hala, kooperatibak herritar-multzo zabalarekin lan egin dezake (haurtzaroa, nerabezaroa, gazteak, helduak), teknika anitzekin eta hainbat ikuspegitatik: banaka, taldeka, familiaz batera edota bikotekidearekin.<\/p>\n<p><strong>Lantalde osoak etengabeko prestakuntza jasotzen du<\/strong>, eta taldekideek ikuspegi bera dute lan egiteko orduan: Gizarte Psikologia.<\/p>\n<p>Kooperatibak <strong>30 profesional<\/strong> baino gehiagoko lantaldea du gaur egun, eta horietatik <strong>24 bazkide langileak<\/strong> dira. Horrez gain, hainbat proiektutan lan egiten duten kolaboratzaileen zirkulu zabal bat du.<\/p>\n<p>Psikoterapia taldea ere badu Ediren-ek Bilbon.<\/p>\n\t\t\t\t\t\t\t\t<\/div>\n\t\t\t\t<\/div>\n\t\t\t\t<div class=\"elementor-element elementor-element-rxpaqyt elementor-widget elementor-widget-heading\" data-id=\"rxpaqyt\" data-element_type=\"widget\" data-e-type=\"widget\" data-widget_type=\"heading.default\">\n\t\t\t\t<div class=\"elementor-widget-container\">\n\t\t\t\t\t<h2 class=\"elementor-heading-title elementor-size-default\">GURE LANTALDEA<\/h2>\t\t\t\t<\/div>\n\t\t\t\t<\/div>\n\t\t\t\t\t<\/div>\n\t\t<\/div>\n\t\t\t\t\t<\/div>\n\t\t<\/section>\n\t\t\t\t<section class=\"elementor-section elementor-top-section elementor-element elementor-element-lamyfe9 elementor-section-stretched equipo elementor-section-boxed elementor-section-height-default elementor-section-height-default\" data-id=\"lamyfe9\" data-element_type=\"section\" data-e-type=\"section\" data-settings=\"{&quot;stretch_section&quot;:&quot;section-stretched&quot;}\">\n\t\t\t\t\t\t<div class=\"elementor-container elementor-column-gap-default\">\n\t\t\t\t\t<div class=\"elementor-column elementor-col-50 elementor-top-column elementor-element elementor-element-l5d37uk\" data-id=\"l5d37uk\" data-element_type=\"column\" data-e-type=\"column\">\n\t\t\t<div class=\"elementor-widget-wrap elementor-element-populated\">\n\t\t\t\t\t\t<div class=\"elementor-element elementor-element-353ae62 elementor-position-top elementor-widget elementor-widget-image-box\" data-id=\"353ae62\" data-element_type=\"widget\" data-e-type=\"widget\" data-widget_type=\"image-box.default\">\n\t\t\t\t<div class=\"elementor-widget-container\">\n\t\t\t\t\t<div class=\"elementor-image-box-wrapper\"><figure class=\"elementor-image-box-img\"><img fetchpriority=\"high\" decoding=\"async\" width=\"401\" height=\"601\" src=\"https:\/\/www.ediren.com\/wp-content\/uploads\/2021\/03\/Miren-Barcena.jpg\" class=\"attachment-full size-full wp-image-8472\" alt=\"foto Miren Barcena para equipo de profesionales ediren\" srcset=\"https:\/\/www.ediren.com\/wp-content\/uploads\/2021\/03\/Miren-Barcena.jpg 401w, https:\/\/www.ediren.com\/wp-content\/uploads\/2021\/03\/Miren-Barcena-200x300.jpg 200w\" sizes=\"(max-width: 401px) 100vw, 401px\" \/><\/figure><div class=\"elementor-image-box-content\"><h3 class=\"elementor-image-box-title\">Miren B\u00e1rcena Lamelas<\/h3><p class=\"elementor-image-box-description\">(AA01182)<br \/>Psikologoa, Gerontologian aditua<br \/>m.barcena@ediren.com<br \/><a href=\"https:\/\/www.ediren.com\/eu\/tomas-perez-garcia-2\/\" class=\"fancybox-iframe button\">Gehiago ezagutzea<\/a><\/p><\/div><\/div>\t\t\t\t<\/div>\n\t\t\t\t<\/div>\n\t\t\t\t\t<\/div>\n\t\t<\/div>\n\t\t\t\t<div class=\"elementor-column elementor-col-50 elementor-top-column elementor-element elementor-element-yozf88k\" data-id=\"yozf88k\" data-element_type=\"column\" data-e-type=\"column\">\n\t\t\t<div class=\"elementor-widget-wrap elementor-element-populated\">\n\t\t\t\t\t\t<div class=\"elementor-element elementor-element-7430cdb elementor-position-top elementor-widget elementor-widget-image-box\" data-id=\"7430cdb\" data-element_type=\"widget\" data-e-type=\"widget\" data-widget_type=\"image-box.default\">\n\t\t\t\t<div class=\"elementor-widget-container\">\n\t\t\t\t\t<div class=\"elementor-image-box-wrapper\"><figure class=\"elementor-image-box-img\"><img decoding=\"async\" width=\"400\" height=\"601\" src=\"https:\/\/www.ediren.com\/wp-content\/uploads\/2017\/07\/Ediren-leire-corres.jpg\" class=\"attachment-full size-full wp-image-1066\" alt=\"Leire Corres\" srcset=\"https:\/\/www.ediren.com\/wp-content\/uploads\/2017\/07\/Ediren-leire-corres.jpg 400w, https:\/\/www.ediren.com\/wp-content\/uploads\/2017\/07\/Ediren-leire-corres-200x300.jpg 200w\" sizes=\"(max-width: 400px) 100vw, 400px\" \/><\/figure><div class=\"elementor-image-box-content\"><h3 class=\"elementor-image-box-title\">Leire Corres Serrano<\/h3><p class=\"elementor-image-box-description\">(col. 2.196)<br \/>Fisioterapeuta, musikoterapeuta<br \/>l.corres@ediren.com<br \/><a href=\"https:\/\/www.ediren.com\/eu\/leire-corres-serrano\/\" class=\"fancybox-iframe button\">Gehiago ezagutzea<\/a><\/p><\/div><\/div>\t\t\t\t<\/div>\n\t\t\t\t<\/div>\n\t\t\t\t\t<\/div>\n\t\t<\/div>\n\t\t\t\t\t<\/div>\n\t\t<\/section>\n\t\t\t\t<section class=\"elementor-section elementor-top-section elementor-element elementor-element-1rgrlph elementor-section-stretched equipo elementor-section-boxed elementor-section-height-default elementor-section-height-default\" data-id=\"1rgrlph\" data-element_type=\"section\" data-e-type=\"section\" data-settings=\"{&quot;stretch_section&quot;:&quot;section-stretched&quot;}\">\n\t\t\t\t\t\t<div class=\"elementor-container elementor-column-gap-default\">\n\t\t\t\t\t<div class=\"elementor-column elementor-col-50 elementor-top-column elementor-element elementor-element-skd6t3r\" data-id=\"skd6t3r\" data-element_type=\"column\" data-e-type=\"column\">\n\t\t\t<div class=\"elementor-widget-wrap elementor-element-populated\">\n\t\t\t\t\t\t<div class=\"elementor-element elementor-element-c3dbea8 elementor-position-top elementor-widget elementor-widget-image-box\" data-id=\"c3dbea8\" data-element_type=\"widget\" data-e-type=\"widget\" data-widget_type=\"image-box.default\">\n\t\t\t\t<div class=\"elementor-widget-container\">\n\t\t\t\t\t<div class=\"elementor-image-box-wrapper\"><figure class=\"elementor-image-box-img\"><img decoding=\"async\" width=\"401\" height=\"601\" src=\"https:\/\/www.ediren.com\/wp-content\/uploads\/2022\/02\/Ediren-Itziar-de-Miguel-web-1.jpg\" class=\"attachment-full size-full wp-image-12082\" alt=\"Nueva psic\u00f3loga Ediren, Itziar de Miguel\" srcset=\"https:\/\/www.ediren.com\/wp-content\/uploads\/2022\/02\/Ediren-Itziar-de-Miguel-web-1.jpg 401w, https:\/\/www.ediren.com\/wp-content\/uploads\/2022\/02\/Ediren-Itziar-de-Miguel-web-1-200x300.jpg 200w\" sizes=\"(max-width: 401px) 100vw, 401px\" \/><\/figure><div class=\"elementor-image-box-content\"><h3 class=\"elementor-image-box-title\">Itziar de Miguel V\u00e1zquez<\/h3><p class=\"elementor-image-box-description\">(AA01167)<br \/>Psikologoa, familia eta bikoteko psikoterapeuta<br \/>i.demiguel@ediren.com<br \/><a href=\"https:\/\/www.ediren.com\/eu\/itziar-de-miguel-vazquez\/\" class=\"fancybox-iframe button\">Gehiago ezagutzea<\/a><\/p><\/div><\/div>\t\t\t\t<\/div>\n\t\t\t\t<\/div>\n\t\t\t\t<div class=\"elementor-element elementor-element-bdffab9 elementor-position-top elementor-widget elementor-widget-image-box\" data-id=\"bdffab9\" data-element_type=\"widget\" data-e-type=\"widget\" data-widget_type=\"image-box.default\">\n\t\t\t\t<div class=\"elementor-widget-container\">\n\t\t\t\t\t<div class=\"elementor-image-box-wrapper\"><figure class=\"elementor-image-box-img\"><img loading=\"lazy\" decoding=\"async\" width=\"401\" height=\"601\" src=\"https:\/\/www.ediren.com\/wp-content\/uploads\/2017\/07\/Ediren-beatriz-fernandez.jpg\" class=\"attachment-full size-full wp-image-1074\" alt=\"Beatriz Fern\u00e1ndez\" srcset=\"https:\/\/www.ediren.com\/wp-content\/uploads\/2017\/07\/Ediren-beatriz-fernandez.jpg 401w, https:\/\/www.ediren.com\/wp-content\/uploads\/2017\/07\/Ediren-beatriz-fernandez-200x300.jpg 200w\" sizes=\"(max-width: 401px) 100vw, 401px\" \/><\/figure><div class=\"elementor-image-box-content\"><h3 class=\"elementor-image-box-title\">Beatriz Fern\u00e1ndez Corres<\/h3><p class=\"elementor-image-box-description\">(AA00791)<br>Psikologoa, sexologoa, psikomotrizitateko terapeuta<br>b.fernandez@ediren.com<br><a href=\"https:\/\/www.ediren.com\/eu\/beatriz-fernandez-corres\/\" class=\"fancybox-iframe button\">Gehiago ezagutzea<\/a><\/p><\/div><\/div>\t\t\t\t<\/div>\n\t\t\t\t<\/div>\n\t\t\t\t<div class=\"elementor-element elementor-element-8290eac elementor-position-top elementor-widget elementor-widget-image-box\" data-id=\"8290eac\" data-element_type=\"widget\" data-e-type=\"widget\" data-widget_type=\"image-box.default\">\n\t\t\t\t<div class=\"elementor-widget-container\">\n\t\t\t\t\t<div class=\"elementor-image-box-wrapper\"><figure class=\"elementor-image-box-img\"><img loading=\"lazy\" decoding=\"async\" width=\"401\" height=\"601\" src=\"https:\/\/www.ediren.com\/wp-content\/uploads\/2022\/12\/ediren-Patricia-Gas-ok.jpg\" class=\"attachment-full size-full wp-image-14622\" alt=\"Patricia Gas nueva fisioterapeuta y oste\u00f3pata del equipo de profesionales de ediren\" srcset=\"https:\/\/www.ediren.com\/wp-content\/uploads\/2022\/12\/ediren-Patricia-Gas-ok.jpg 401w, https:\/\/www.ediren.com\/wp-content\/uploads\/2022\/12\/ediren-Patricia-Gas-ok-200x300.jpg 200w\" sizes=\"(max-width: 401px) 100vw, 401px\" \/><\/figure><div class=\"elementor-image-box-content\"><h3 class=\"elementor-image-box-title\">Patricia Gas Garc\u00eda<\/h3><p class=\"elementor-image-box-description\">(col. 3.550)<br \/> Fisioterapeuta, egiturazko osteopata<br \/>p.gas@ediren.com<br \/><a href=\"https:\/\/www.ediren.com\/eu\/patricia-gas-garcia\/\" class=\"fancybox-iframe button\">Gehiago ezagutzea<\/a><\/p><\/div><\/div>\t\t\t\t<\/div>\n\t\t\t\t<\/div>\n\t\t\t\t<div class=\"elementor-element elementor-element-xdpn9vh elementor-position-top elementor-widget elementor-widget-image-box\" data-id=\"xdpn9vh\" data-element_type=\"widget\" data-e-type=\"widget\" data-widget_type=\"image-box.default\">\n\t\t\t\t<div class=\"elementor-widget-container\">\n\t\t\t\t\t<div class=\"elementor-image-box-wrapper\"><figure class=\"elementor-image-box-img\"><img loading=\"lazy\" decoding=\"async\" width=\"401\" height=\"601\" src=\"https:\/\/www.ediren.com\/wp-content\/uploads\/2017\/07\/Ediren-arantza-gomez.jpg\" class=\"attachment-full size-full wp-image-1058\" alt=\"Arantza G\u00f3mez P\u00e9rez\" srcset=\"https:\/\/www.ediren.com\/wp-content\/uploads\/2017\/07\/Ediren-arantza-gomez.jpg 401w, https:\/\/www.ediren.com\/wp-content\/uploads\/2017\/07\/Ediren-arantza-gomez-200x300.jpg 200w\" sizes=\"(max-width: 401px) 100vw, 401px\" \/><\/figure><div class=\"elementor-image-box-content\"><h3 class=\"elementor-image-box-title\">Arantza G\u00f3mez P\u00e9rez<\/h3><p class=\"elementor-image-box-description\">(AA00392)<br \/>Psikologoa, psikoterapeuta, psikodramatista<br \/>a.gomez@ediren.com<br \/><a class=\"fancybox-iframe button\" href=\"http:\/\/www.ediren.com\/eu\/arantza-gomez-perez\/\">Gehiago ezagutzea<\/a><\/p><\/div><\/div>\t\t\t\t<\/div>\n\t\t\t\t<\/div>\n\t\t\t\t<div class=\"elementor-element elementor-element-33iofuc elementor-position-top elementor-widget elementor-widget-image-box\" data-id=\"33iofuc\" data-element_type=\"widget\" data-e-type=\"widget\" data-widget_type=\"image-box.default\">\n\t\t\t\t<div class=\"elementor-widget-container\">\n\t\t\t\t\t<div class=\"elementor-image-box-wrapper\"><figure class=\"elementor-image-box-img\"><img loading=\"lazy\" decoding=\"async\" width=\"401\" height=\"601\" src=\"https:\/\/www.ediren.com\/wp-content\/uploads\/2023\/11\/Ediren-Irati-Lapresa-1.jpg\" class=\"attachment-full size-full wp-image-18085\" alt=\"Administrativo en equipo Ediren\" srcset=\"https:\/\/www.ediren.com\/wp-content\/uploads\/2023\/11\/Ediren-Irati-Lapresa-1.jpg 401w, https:\/\/www.ediren.com\/wp-content\/uploads\/2023\/11\/Ediren-Irati-Lapresa-1-200x300.jpg 200w\" sizes=\"(max-width: 401px) 100vw, 401px\" \/><\/figure><div class=\"elementor-image-box-content\"><h3 class=\"elementor-image-box-title\">Irati Lapresa Riezu<\/h3><p class=\"elementor-image-box-description\">Psikopedagogoa<br \/>i.lapresa@ediren.com<br \/><a class=\"fancybox-iframe button\" href=\"http:\/\/www.ediren.com\/eu\/irati-lapresa-riezu\/\">Gehiago ezagutzea<\/a><\/p><\/div><\/div>\t\t\t\t<\/div>\n\t\t\t\t<\/div>\n\t\t\t\t<div class=\"elementor-element elementor-element-4760e5c elementor-position-top elementor-widget elementor-widget-image-box\" data-id=\"4760e5c\" data-element_type=\"widget\" data-e-type=\"widget\" data-widget_type=\"image-box.default\">\n\t\t\t\t<div class=\"elementor-widget-container\">\n\t\t\t\t\t<div class=\"elementor-image-box-wrapper\"><figure class=\"elementor-image-box-img\"><img loading=\"lazy\" decoding=\"async\" width=\"401\" height=\"601\" src=\"https:\/\/www.ediren.com\/wp-content\/uploads\/2017\/08\/Ediren-idoia-madarieta.jpg\" class=\"attachment-full size-full wp-image-1080\" alt=\"Idoia Madarieta\" srcset=\"https:\/\/www.ediren.com\/wp-content\/uploads\/2017\/08\/Ediren-idoia-madarieta.jpg 401w, https:\/\/www.ediren.com\/wp-content\/uploads\/2017\/08\/Ediren-idoia-madarieta-200x300.jpg 200w\" sizes=\"(max-width: 401px) 100vw, 401px\" \/><\/figure><div class=\"elementor-image-box-content\"><h3 class=\"elementor-image-box-title\">Idoia Madarieta Aguirre<\/h3><p class=\"elementor-image-box-description\">(BI01744)<br \/>Psikologoa, psikoterapeuta, psikodramatista<br \/>i.madarieta@ediren.com<br \/><a href=\"https:\/\/www.ediren.com\/eu\/idoia-madarieta-aguirre\/\" class=\"fancybox-iframe button\">Gehiago ezagutzea<\/a><\/p><\/div><\/div>\t\t\t\t<\/div>\n\t\t\t\t<\/div>\n\t\t\t\t<div class=\"elementor-element elementor-element-k5ugedl elementor-position-top elementor-widget elementor-widget-image-box\" data-id=\"k5ugedl\" data-element_type=\"widget\" data-e-type=\"widget\" data-widget_type=\"image-box.default\">\n\t\t\t\t<div class=\"elementor-widget-container\">\n\t\t\t\t\t<div class=\"elementor-image-box-wrapper\"><figure class=\"elementor-image-box-img\"><img loading=\"lazy\" decoding=\"async\" width=\"400\" height=\"601\" src=\"https:\/\/www.ediren.com\/wp-content\/uploads\/2017\/07\/Ediren-laura-martinez.jpg\" class=\"attachment-full size-full wp-image-1072\" alt=\"\" srcset=\"https:\/\/www.ediren.com\/wp-content\/uploads\/2017\/07\/Ediren-laura-martinez.jpg 400w, https:\/\/www.ediren.com\/wp-content\/uploads\/2017\/07\/Ediren-laura-martinez-200x300.jpg 200w\" sizes=\"(max-width: 400px) 100vw, 400px\" \/><\/figure><div class=\"elementor-image-box-content\"><h3 class=\"elementor-image-box-title\">Laura Mart\u00ednez Iza<\/h3><p class=\"elementor-image-box-description\">Administrazioa<br \/>l.martinez@ediren.com<br \/><a href=\"https:\/\/www.ediren.com\/eu\/laura-martinez-iza\/\" class=\"fancybox-iframe button\">Gehiago ezagutzea<\/a><\/p><\/div><\/div>\t\t\t\t<\/div>\n\t\t\t\t<\/div>\n\t\t\t\t<div class=\"elementor-element elementor-element-7f5b486 elementor-position-top elementor-widget elementor-widget-image-box\" data-id=\"7f5b486\" data-element_type=\"widget\" data-e-type=\"widget\" data-widget_type=\"image-box.default\">\n\t\t\t\t<div class=\"elementor-widget-container\">\n\t\t\t\t\t<div class=\"elementor-image-box-wrapper\"><figure class=\"elementor-image-box-img\"><img loading=\"lazy\" decoding=\"async\" width=\"401\" height=\"601\" src=\"https:\/\/www.ediren.com\/wp-content\/uploads\/2025\/10\/Foto-Edurne-Martinez-Ediren.jpg\" class=\"attachment-full size-full wp-image-23676\" alt=\"Edurne Mart\u00ednez San Policarpo es psic\u00f3loga del equipo Ediren.\" srcset=\"https:\/\/www.ediren.com\/wp-content\/uploads\/2025\/10\/Foto-Edurne-Martinez-Ediren.jpg 401w, https:\/\/www.ediren.com\/wp-content\/uploads\/2025\/10\/Foto-Edurne-Martinez-Ediren-200x300.jpg 200w\" sizes=\"(max-width: 401px) 100vw, 401px\" \/><\/figure><div class=\"elementor-image-box-content\"><h3 class=\"elementor-image-box-title\">Edurne Mart\u00ednez San Policarpo<\/h3><p class=\"elementor-image-box-description\">(AA01363)<br \/>Psikologoa<br \/>e.martinez@ediren.com<br \/><a href=\"https:\/\/www.ediren.com\/eu\/edurne-martinez-san-policarpo\/\" class=\"fancybox-iframe button\">Gehiago ezagutzea<\/a><\/p><\/div><\/div>\t\t\t\t<\/div>\n\t\t\t\t<\/div>\n\t\t\t\t<div class=\"elementor-element elementor-element-6d2dab4 elementor-position-top elementor-widget elementor-widget-image-box\" data-id=\"6d2dab4\" data-element_type=\"widget\" data-e-type=\"widget\" data-widget_type=\"image-box.default\">\n\t\t\t\t<div class=\"elementor-widget-container\">\n\t\t\t\t\t<div class=\"elementor-image-box-wrapper\"><figure class=\"elementor-image-box-img\"><img loading=\"lazy\" decoding=\"async\" width=\"401\" height=\"601\" src=\"https:\/\/www.ediren.com\/wp-content\/uploads\/2025\/03\/Xabi-Molina-Ediren.jpg\" class=\"attachment-full size-full wp-image-22203\" alt=\"Nuevo psic\u00f3logo equipo Ediren\" srcset=\"https:\/\/www.ediren.com\/wp-content\/uploads\/2025\/03\/Xabi-Molina-Ediren.jpg 401w, https:\/\/www.ediren.com\/wp-content\/uploads\/2025\/03\/Xabi-Molina-Ediren-200x300.jpg 200w\" sizes=\"(max-width: 401px) 100vw, 401px\" \/><\/figure><div class=\"elementor-image-box-content\"><h3 class=\"elementor-image-box-title\">Xabier Molina Emborujo<\/h3><p class=\"elementor-image-box-description\">(AA01262)<br>Psikologoa<br \/>x.molina@ediren.com<br \/><a href=\"https:\/\/www.ediren.com\/eu\/xabier-molina-emborujo\/\" class=\"fancybox-iframe button\">Gehiago ezagutzea<\/a><\/p><\/div><\/div>\t\t\t\t<\/div>\n\t\t\t\t<\/div>\n\t\t\t\t<div class=\"elementor-element elementor-element-80bb0c1 elementor-position-top elementor-widget elementor-widget-image-box\" data-id=\"80bb0c1\" data-element_type=\"widget\" data-e-type=\"widget\" data-widget_type=\"image-box.default\">\n\t\t\t\t<div class=\"elementor-widget-container\">\n\t\t\t\t\t<div class=\"elementor-image-box-wrapper\"><figure class=\"elementor-image-box-img\"><img loading=\"lazy\" decoding=\"async\" width=\"401\" height=\"601\" src=\"https:\/\/www.ediren.com\/wp-content\/uploads\/2017\/07\/Ediren-estibaliz-oregui.jpg\" class=\"attachment-full size-full wp-image-1070\" alt=\"Estibaliz Oregui\" srcset=\"https:\/\/www.ediren.com\/wp-content\/uploads\/2017\/07\/Ediren-estibaliz-oregui.jpg 401w, https:\/\/www.ediren.com\/wp-content\/uploads\/2017\/07\/Ediren-estibaliz-oregui-200x300.jpg 200w\" sizes=\"(max-width: 401px) 100vw, 401px\" \/><\/figure><div class=\"elementor-image-box-content\"><h3 class=\"elementor-image-box-title\">Estibaliz Oregui Bravo<\/h3><p class=\"elementor-image-box-description\">(AA00879)<br>Psikologoa, familia eta bikoteko psikoterapeuta<br>e.oregui@ediren.com<br><a href=\"https:\/\/www.ediren.com\/eu\/estibaliz-oregui-bravo\/\" class=\"fancybox-iframe button\">Gehiago ezagutzea<\/a><\/p><\/div><\/div>\t\t\t\t<\/div>\n\t\t\t\t<\/div>\n\t\t\t\t<div class=\"elementor-element elementor-element-idzmdvs elementor-position-top elementor-widget elementor-widget-image-box\" data-id=\"idzmdvs\" data-element_type=\"widget\" data-e-type=\"widget\" data-widget_type=\"image-box.default\">\n\t\t\t\t<div class=\"elementor-widget-container\">\n\t\t\t\t\t<div class=\"elementor-image-box-wrapper\"><figure class=\"elementor-image-box-img\"><img loading=\"lazy\" decoding=\"async\" width=\"401\" height=\"601\" src=\"https:\/\/www.ediren.com\/wp-content\/uploads\/2017\/11\/ediren-Alaia-Ocerinjauregui-2.jpg\" class=\"attachment-full size-full wp-image-3865\" alt=\"\" srcset=\"https:\/\/www.ediren.com\/wp-content\/uploads\/2017\/11\/ediren-Alaia-Ocerinjauregui-2.jpg 401w, https:\/\/www.ediren.com\/wp-content\/uploads\/2017\/11\/ediren-Alaia-Ocerinjauregui-2-200x300.jpg 200w\" sizes=\"(max-width: 401px) 100vw, 401px\" \/><\/figure><div class=\"elementor-image-box-content\"><h3 class=\"elementor-image-box-title\">Alaia Ozerinjauregi Bikandi<\/h3><p class=\"elementor-image-box-description\">(BI04301)<br \/>Psikologoa, familia eta bikote psikoterapeuta<br \/>a.ozerinjauregui@ediren.com<br \/><a class=\"fancybox-iframe button\" href=\"https:\/\/www.ediren.com\/eu\/alaia-ocerinjauregui-vicandi-2-2-2\/\">Gehiago ezagutzea<\/a><\/p><\/div><\/div>\t\t\t\t<\/div>\n\t\t\t\t<\/div>\n\t\t\t\t<div class=\"elementor-element elementor-element-ff148cf elementor-position-top elementor-widget elementor-widget-image-box\" data-id=\"ff148cf\" data-element_type=\"widget\" data-e-type=\"widget\" data-widget_type=\"image-box.default\">\n\t\t\t\t<div class=\"elementor-widget-container\">\n\t\t\t\t\t<div class=\"elementor-image-box-wrapper\"><figure class=\"elementor-image-box-img\"><img loading=\"lazy\" decoding=\"async\" width=\"401\" height=\"601\" src=\"https:\/\/www.ediren.com\/wp-content\/uploads\/2026\/03\/Ediren-Noemi-Ruiz-1.jpg\" class=\"attachment-full size-full wp-image-24926\" alt=\"Nueva psic\u00f3loga en Ediren\" srcset=\"https:\/\/www.ediren.com\/wp-content\/uploads\/2026\/03\/Ediren-Noemi-Ruiz-1.jpg 401w, https:\/\/www.ediren.com\/wp-content\/uploads\/2026\/03\/Ediren-Noemi-Ruiz-1-200x300.jpg 200w\" sizes=\"(max-width: 401px) 100vw, 401px\" \/><\/figure><div class=\"elementor-image-box-content\"><h3 class=\"elementor-image-box-title\">Noem\u00ed Ruiz L\u00f3pez de Larr\u00ednzar<\/h3><p class=\"elementor-image-box-description\">(AA01409)<br \/>Psikologoa, familian eta bikotean aditua, EMDR terapeuta<br \/>n.ruiz@ediren.com<br \/><a href=\"\/\/www.ediren.com\/eu\/noemi-ruiz-lopez-de-larrinzar\/\" class=\"fancybox-iframe button\">Gehiago ezagutzea<\/a><\/p><\/div><\/div>\t\t\t\t<\/div>\n\t\t\t\t<\/div>\n\t\t\t\t\t<\/div>\n\t\t<\/div>\n\t\t\t\t<div class=\"elementor-column elementor-col-50 elementor-top-column elementor-element elementor-element-0yi09s1\" data-id=\"0yi09s1\" data-element_type=\"column\" data-e-type=\"column\">\n\t\t\t<div class=\"elementor-widget-wrap elementor-element-populated\">\n\t\t\t\t\t\t<div class=\"elementor-element elementor-element-4492dfd elementor-position-top elementor-widget elementor-widget-image-box\" data-id=\"4492dfd\" data-element_type=\"widget\" data-e-type=\"widget\" data-widget_type=\"image-box.default\">\n\t\t\t\t<div class=\"elementor-widget-container\">\n\t\t\t\t\t<div class=\"elementor-image-box-wrapper\"><figure class=\"elementor-image-box-img\"><img loading=\"lazy\" decoding=\"async\" width=\"401\" height=\"601\" src=\"https:\/\/www.ediren.com\/wp-content\/uploads\/2025\/03\/Ediren-Saioa-Diaz.jpg\" class=\"attachment-full size-full wp-image-21727\" alt=\"Saioa D\u00edaz nueva persona en el equipo ediren\" srcset=\"https:\/\/www.ediren.com\/wp-content\/uploads\/2025\/03\/Ediren-Saioa-Diaz.jpg 401w, https:\/\/www.ediren.com\/wp-content\/uploads\/2025\/03\/Ediren-Saioa-Diaz-200x300.jpg 200w\" sizes=\"(max-width: 401px) 100vw, 401px\" \/><\/figure><div class=\"elementor-image-box-content\"><h3 class=\"elementor-image-box-title\">Saioa D\u00edaz Armend\u00e1riz<\/h3><p class=\"elementor-image-box-description\">Administrazioa<br \/>s.diaz@ediren.com<br \/><a href=\"\/\/www.ediren.com\/eu\/saioa-diaz-armendariz\/\" class=\"fancybox-iframe button\">Gehiago ezagutzea<\/a><\/p><\/div><\/div>\t\t\t\t<\/div>\n\t\t\t\t<\/div>\n\t\t\t\t<div class=\"elementor-element elementor-element-c7wwpc3 elementor-position-top elementor-widget elementor-widget-image-box\" data-id=\"c7wwpc3\" data-element_type=\"widget\" data-e-type=\"widget\" data-widget_type=\"image-box.default\">\n\t\t\t\t<div class=\"elementor-widget-container\">\n\t\t\t\t\t<div class=\"elementor-image-box-wrapper\"><figure class=\"elementor-image-box-img\"><img loading=\"lazy\" decoding=\"async\" width=\"401\" height=\"601\" src=\"https:\/\/www.ediren.com\/wp-content\/uploads\/2017\/11\/ediren-Laura-Fuente-1-e1719818318806.jpg\" class=\"attachment-full size-full wp-image-3813\" alt=\"ediren Laura Fuente\" \/><\/figure><div class=\"elementor-image-box-content\"><h3 class=\"elementor-image-box-title\">Laura Fuente Fern\u00e1ndez<\/h3><p class=\"elementor-image-box-description\">Kudeatzailea<br \/>l.fuente@ediren.com<br \/><a class=\"fancybox-iframe button\" href=\"http:\/\/www.ediren.com\/eu\/laura-fuente-fernandez\/\">Gehiago ezagutzea<\/a><\/p><\/div><\/div>\t\t\t\t<\/div>\n\t\t\t\t<\/div>\n\t\t\t\t<div class=\"elementor-element elementor-element-3ec9013 elementor-position-top elementor-widget elementor-widget-image-box\" data-id=\"3ec9013\" data-element_type=\"widget\" data-e-type=\"widget\" data-widget_type=\"image-box.default\">\n\t\t\t\t<div class=\"elementor-widget-container\">\n\t\t\t\t\t<div class=\"elementor-image-box-wrapper\"><figure class=\"elementor-image-box-img\"><img loading=\"lazy\" decoding=\"async\" width=\"401\" height=\"601\" src=\"https:\/\/www.ediren.com\/wp-content\/uploads\/2017\/07\/Ediren-usue-gerenabarren.jpg\" class=\"attachment-full size-full wp-image-1068\" alt=\"\" srcset=\"https:\/\/www.ediren.com\/wp-content\/uploads\/2017\/07\/Ediren-usue-gerenabarren.jpg 401w, https:\/\/www.ediren.com\/wp-content\/uploads\/2017\/07\/Ediren-usue-gerenabarren-200x300.jpg 200w\" sizes=\"(max-width: 401px) 100vw, 401px\" \/><\/figure><div class=\"elementor-image-box-content\"><h3 class=\"elementor-image-box-title\">Usue Gerenabarrena Urrutia<\/h3><p class=\"elementor-image-box-description\">Administrazioa<br \/>u.guerenabarrena@ediren.com<br \/><a href=\"https:\/\/www.ediren.com\/eu\/usue-gerenabarrena-urrutia\/\" class=\"fancybox-iframe button\">Gehiago ezagutzea<\/a><\/p><\/div><\/div>\t\t\t\t<\/div>\n\t\t\t\t<\/div>\n\t\t\t\t<div class=\"elementor-element elementor-element-dae3fc7 elementor-position-top elementor-widget elementor-widget-image-box\" data-id=\"dae3fc7\" data-element_type=\"widget\" data-e-type=\"widget\" data-widget_type=\"image-box.default\">\n\t\t\t\t<div class=\"elementor-widget-container\">\n\t\t\t\t\t<div class=\"elementor-image-box-wrapper\"><figure class=\"elementor-image-box-img\"><img loading=\"lazy\" decoding=\"async\" width=\"401\" height=\"601\" src=\"https:\/\/www.ediren.com\/wp-content\/uploads\/2022\/12\/ediren-Pablo-Gonzalez-ok-1.jpg\" class=\"attachment-full size-full wp-image-14336\" alt=\"Pablo Gonz\u00e1lez, psic\u00f3logo del equipo Ediren\" srcset=\"https:\/\/www.ediren.com\/wp-content\/uploads\/2022\/12\/ediren-Pablo-Gonzalez-ok-1.jpg 401w, https:\/\/www.ediren.com\/wp-content\/uploads\/2022\/12\/ediren-Pablo-Gonzalez-ok-1-200x300.jpg 200w\" sizes=\"(max-width: 401px) 100vw, 401px\" \/><\/figure><div class=\"elementor-image-box-content\"><h3 class=\"elementor-image-box-title\">Pablo Gonz\u00e1lez G\u00f3mez<\/h3><p class=\"elementor-image-box-description\">(AA01190)<br \/>Psikologoa, familia eta bikote terapian aditua<br \/>p.gonzalez@ediren.com<br \/><a href=\"https:\/\/www.ediren.com\/eu\/pablo-gonzalez-gomez\/\" class=\"fancybox-iframe button\">Gehiago ezagutzea<\/a><\/p><\/div><\/div>\t\t\t\t<\/div>\n\t\t\t\t<\/div>\n\t\t\t\t<div class=\"elementor-element elementor-element-c7520b1 elementor-position-top elementor-widget elementor-widget-image-box\" data-id=\"c7520b1\" data-element_type=\"widget\" data-e-type=\"widget\" data-widget_type=\"image-box.default\">\n\t\t\t\t<div class=\"elementor-widget-container\">\n\t\t\t\t\t<div class=\"elementor-image-box-wrapper\"><figure class=\"elementor-image-box-img\"><img loading=\"lazy\" decoding=\"async\" width=\"401\" height=\"601\" src=\"https:\/\/www.ediren.com\/wp-content\/uploads\/2017\/07\/Ediren-idoia-lizarralde.jpg\" class=\"attachment-full size-full wp-image-1060\" alt=\"Ediren Idoia Lizarralde\" srcset=\"https:\/\/www.ediren.com\/wp-content\/uploads\/2017\/07\/Ediren-idoia-lizarralde.jpg 401w, https:\/\/www.ediren.com\/wp-content\/uploads\/2017\/07\/Ediren-idoia-lizarralde-200x300.jpg 200w\" sizes=\"(max-width: 401px) 100vw, 401px\" \/><\/figure><div class=\"elementor-image-box-content\"><h3 class=\"elementor-image-box-title\">Idoia Lizarralde Zufiaur<\/h3><p class=\"elementor-image-box-description\">Komunikazioa<br \/>kooperatiba@ediren.com<br \/><a href=\"https:\/\/www.ediren.com\/eu\/idoia-lizarralde-zufiaur\/\" class=\"fancybox-iframe button\">Gehiago ezagutzea<\/a><\/p><\/div><\/div>\t\t\t\t<\/div>\n\t\t\t\t<\/div>\n\t\t\t\t<div class=\"elementor-element elementor-element-cfbae35 elementor-position-top elementor-widget elementor-widget-image-box\" data-id=\"cfbae35\" data-element_type=\"widget\" data-e-type=\"widget\" data-widget_type=\"image-box.default\">\n\t\t\t\t<div class=\"elementor-widget-container\">\n\t\t\t\t\t<div class=\"elementor-image-box-wrapper\"><figure class=\"elementor-image-box-img\"><img loading=\"lazy\" decoding=\"async\" width=\"401\" height=\"601\" src=\"https:\/\/www.ediren.com\/wp-content\/uploads\/2017\/11\/ediren-Haizea-Marijuan.jpg\" class=\"attachment-full size-full wp-image-3821\" alt=\"\" srcset=\"https:\/\/www.ediren.com\/wp-content\/uploads\/2017\/11\/ediren-Haizea-Marijuan.jpg 401w, https:\/\/www.ediren.com\/wp-content\/uploads\/2017\/11\/ediren-Haizea-Marijuan-200x300.jpg 200w\" sizes=\"(max-width: 401px) 100vw, 401px\" \/><\/figure><div class=\"elementor-image-box-content\"><h3 class=\"elementor-image-box-title\">Haizea Marijuan Bengoa<\/h3><p class=\"elementor-image-box-description\">(AA00765)<br \/>Psikologoa, haur-terapeuta<br \/>h.marijuan@ediren.com<br \/><a href=\"https:\/\/www.ediren.com\/eu\/haizea-marijuan-bengoa\/\" class=\"fancybox-iframe button\">Gehiago ezagutzea<\/a><\/p><\/div><\/div>\t\t\t\t<\/div>\n\t\t\t\t<\/div>\n\t\t\t\t<div class=\"elementor-element elementor-element-7ykkuzu elementor-position-top elementor-widget elementor-widget-image-box\" data-id=\"7ykkuzu\" data-element_type=\"widget\" data-e-type=\"widget\" data-widget_type=\"image-box.default\">\n\t\t\t\t<div class=\"elementor-widget-container\">\n\t\t\t\t\t<div class=\"elementor-image-box-wrapper\"><figure class=\"elementor-image-box-img\"><img loading=\"lazy\" decoding=\"async\" width=\"401\" height=\"601\" src=\"https:\/\/www.ediren.com\/wp-content\/uploads\/2022\/02\/Ediren-Susana-web-2.jpg\" class=\"attachment-full size-full wp-image-12232\" alt=\"Susana Martinez educadora social, docente del equipo Ediren\" srcset=\"https:\/\/www.ediren.com\/wp-content\/uploads\/2022\/02\/Ediren-Susana-web-2.jpg 401w, https:\/\/www.ediren.com\/wp-content\/uploads\/2022\/02\/Ediren-Susana-web-2-200x300.jpg 200w\" sizes=\"(max-width: 401px) 100vw, 401px\" \/><\/figure><div class=\"elementor-image-box-content\"><h3 class=\"elementor-image-box-title\">Susana Mart\u00ednez Iza<\/h3><p class=\"elementor-image-box-description\">Gizarte-hezitzailea, emakume eta familian aditua<br \/>s.martinez@ediren.com<br \/><a class=\"fancybox-iframe button\" href=\"http:\/\/www.ediren.com\/eu\/susana-martinez-iza\/\">Gehiago ezagutzea<\/a><\/p><\/div><\/div>\t\t\t\t<\/div>\n\t\t\t\t<\/div>\n\t\t\t\t<div class=\"elementor-element elementor-element-07d69bd elementor-position-top elementor-widget elementor-widget-image-box\" data-id=\"07d69bd\" data-element_type=\"widget\" data-e-type=\"widget\" data-widget_type=\"image-box.default\">\n\t\t\t\t<div class=\"elementor-widget-container\">\n\t\t\t\t\t<div class=\"elementor-image-box-wrapper\"><figure class=\"elementor-image-box-img\"><img loading=\"lazy\" decoding=\"async\" width=\"401\" height=\"601\" src=\"https:\/\/www.ediren.com\/wp-content\/uploads\/2025\/07\/Leire-Meabe-Ediren-1.jpg\" class=\"attachment-full size-full wp-image-22786\" alt=\"Psic\u00f3loga equipo Ediren\" srcset=\"https:\/\/www.ediren.com\/wp-content\/uploads\/2025\/07\/Leire-Meabe-Ediren-1.jpg 401w, https:\/\/www.ediren.com\/wp-content\/uploads\/2025\/07\/Leire-Meabe-Ediren-1-200x300.jpg 200w\" sizes=\"(max-width: 401px) 100vw, 401px\" \/><\/figure><div class=\"elementor-image-box-content\"><h3 class=\"elementor-image-box-title\">Leire Meabe Sotomayor<\/h3><p class=\"elementor-image-box-description\">(AA01344)<br>Psikologoa<br \/>l.meabe@ediren.com<br \/><a href=\"https:\/\/www.ediren.com\/eu\/leire-meabe-sotomayor\/\" class=\"fancybox-iframe button\">Gehiago ezagutzea<\/a><\/p><\/div><\/div>\t\t\t\t<\/div>\n\t\t\t\t<\/div>\n\t\t\t\t<div class=\"elementor-element elementor-element-134aea6 elementor-position-top elementor-widget elementor-widget-image-box\" data-id=\"134aea6\" data-element_type=\"widget\" data-e-type=\"widget\" data-widget_type=\"image-box.default\">\n\t\t\t\t<div class=\"elementor-widget-container\">\n\t\t\t\t\t<div class=\"elementor-image-box-wrapper\"><figure class=\"elementor-image-box-img\"><img loading=\"lazy\" decoding=\"async\" width=\"401\" height=\"601\" src=\"https:\/\/www.ediren.com\/wp-content\/uploads\/2022\/02\/Ediren-Mari-Oca2.jpg\" class=\"attachment-full size-full wp-image-11753\" alt=\"Mari Oca nueva psic\u00f3loga y terapeuta psicomotriz del equipo Ediren\" srcset=\"https:\/\/www.ediren.com\/wp-content\/uploads\/2022\/02\/Ediren-Mari-Oca2.jpg 401w, https:\/\/www.ediren.com\/wp-content\/uploads\/2022\/02\/Ediren-Mari-Oca2-200x300.jpg 200w\" sizes=\"(max-width: 401px) 100vw, 401px\" \/><\/figure><div class=\"elementor-image-box-content\"><h3 class=\"elementor-image-box-title\">Mar\u00eda Jos\u00e9 Oca Poza<\/h3><p class=\"elementor-image-box-description\">(AA00769)<br>Psikologoa, psikomotrizitateko terapeuta<br \/>m.oca@ediren.com<br \/><a href=\"https:\/\/www.ediren.com\/eu\/maria-jose-oca-poza\/\" class=\"fancybox-iframe button\">Gehiago ezagutzea<\/a><\/p><\/div><\/div>\t\t\t\t<\/div>\n\t\t\t\t<\/div>\n\t\t\t\t<div class=\"elementor-element elementor-element-c9m5od0 elementor-position-top elementor-widget elementor-widget-image-box\" data-id=\"c9m5od0\" data-element_type=\"widget\" data-e-type=\"widget\" data-widget_type=\"image-box.default\">\n\t\t\t\t<div class=\"elementor-widget-container\">\n\t\t\t\t\t<div class=\"elementor-image-box-wrapper\"><figure class=\"elementor-image-box-img\"><img loading=\"lazy\" decoding=\"async\" width=\"401\" height=\"601\" src=\"https:\/\/www.ediren.com\/wp-content\/uploads\/2017\/07\/Ediren-iratxe-ortiz.jpg\" class=\"attachment-full size-full wp-image-1061\" alt=\"Ediren Iratxe Ortiz\" srcset=\"https:\/\/www.ediren.com\/wp-content\/uploads\/2017\/07\/Ediren-iratxe-ortiz.jpg 401w, https:\/\/www.ediren.com\/wp-content\/uploads\/2017\/07\/Ediren-iratxe-ortiz-200x300.jpg 200w\" sizes=\"(max-width: 401px) 100vw, 401px\" \/><\/figure><div class=\"elementor-image-box-content\"><h3 class=\"elementor-image-box-title\">Iratxe Ortiz de Orru\u00f1o D\u00edaz de Mendivil<\/h3><p class=\"elementor-image-box-description\">Pedagogoa, familia eta bikote terapian aditua<br \/>i.ortiz@ediren.com<br \/><a class=\"fancybox-iframe button\" href=\"http:\/\/www.ediren.com\/eu\/iratxe-ortiz-de-orruno-diaz-de-mendivil\/\">Gehiago ezagutzea<\/a><\/p><\/div><\/div>\t\t\t\t<\/div>\n\t\t\t\t<\/div>\n\t\t\t\t<div class=\"elementor-element elementor-element-553bfc6 elementor-position-top elementor-widget elementor-widget-image-box\" data-id=\"553bfc6\" data-element_type=\"widget\" data-e-type=\"widget\" data-widget_type=\"image-box.default\">\n\t\t\t\t<div class=\"elementor-widget-container\">\n\t\t\t\t\t<div class=\"elementor-image-box-wrapper\"><figure class=\"elementor-image-box-img\"><img loading=\"lazy\" decoding=\"async\" width=\"401\" height=\"601\" src=\"https:\/\/www.ediren.com\/wp-content\/uploads\/2017\/07\/Ediren-joseba-rey.jpg\" class=\"attachment-full size-full wp-image-1062\" alt=\"Ediren Joseba Rey Bengoa\" srcset=\"https:\/\/www.ediren.com\/wp-content\/uploads\/2017\/07\/Ediren-joseba-rey.jpg 401w, https:\/\/www.ediren.com\/wp-content\/uploads\/2017\/07\/Ediren-joseba-rey-200x300.jpg 200w\" sizes=\"(max-width: 401px) 100vw, 401px\" \/><\/figure><div class=\"elementor-image-box-content\"><h3 class=\"elementor-image-box-title\">Joseba Rey Bengoa<\/h3><p class=\"elementor-image-box-description\">(AA00531)<br \/>Psikologoa, familia eta bikoteko psikoterapeuta<br \/>j.rey@ediren.com<br \/><a href=\"https:\/\/www.ediren.com\/eu\/joseba-rey-bengoa\/\" class=\"fancybox-iframe button\">Gehiago ezagutzea<\/a><\/p><\/div><\/div>\t\t\t\t<\/div>\n\t\t\t\t<\/div>\n\t\t\t\t<div class=\"elementor-element elementor-element-35fc999 elementor-position-top elementor-widget elementor-widget-image-box\" data-id=\"35fc999\" data-element_type=\"widget\" data-e-type=\"widget\" data-widget_type=\"image-box.default\">\n\t\t\t\t<div class=\"elementor-widget-container\">\n\t\t\t\t\t<div class=\"elementor-image-box-wrapper\"><figure class=\"elementor-image-box-img\"><img loading=\"lazy\" decoding=\"async\" width=\"401\" height=\"601\" src=\"https:\/\/www.ediren.com\/wp-content\/uploads\/2017\/11\/ediren-Estitxu-Saracho.jpg\" class=\"attachment-full size-full wp-image-3847\" alt=\"\" srcset=\"https:\/\/www.ediren.com\/wp-content\/uploads\/2017\/11\/ediren-Estitxu-Saracho.jpg 401w, https:\/\/www.ediren.com\/wp-content\/uploads\/2017\/11\/ediren-Estitxu-Saracho-200x300.jpg 200w\" sizes=\"(max-width: 401px) 100vw, 401px\" \/><\/figure><div class=\"elementor-image-box-content\"><h3 class=\"elementor-image-box-title\">Estibaliz Saracho Mart\u00ednez<\/h3><p class=\"elementor-image-box-description\">(AA01014)<br \/>Psic\u00f3loga<br \/>estitxu.saracho@ediren.com<br \/><a href=\"https:\/\/www.ediren.com\/eu\/estibaliz-saracho-martinez\/\" class=\"fancybox-iframe button\">Conocer m\u00e1s<\/a><\/p><\/div><\/div>\t\t\t\t<\/div>\n\t\t\t\t<\/div>\n\t\t\t\t\t<\/div>\n\t\t<\/div>\n\t\t\t\t\t<\/div>\n\t\t<\/section>\n\t\t\t\t<section class=\"elementor-section elementor-top-section elementor-element elementor-element-t7hcrod elementor-section-stretched equipo elementor-section-boxed elementor-section-height-default elementor-section-height-default\" data-id=\"t7hcrod\" data-element_type=\"section\" data-e-type=\"section\" data-settings=\"{&quot;stretch_section&quot;:&quot;section-stretched&quot;}\">\n\t\t\t\t\t\t<div class=\"elementor-container elementor-column-gap-default\">\n\t\t\t\t\t<div class=\"elementor-column elementor-col-50 elementor-top-column elementor-element elementor-element-2lxa9ka\" data-id=\"2lxa9ka\" data-element_type=\"column\" data-e-type=\"column\">\n\t\t\t<div class=\"elementor-widget-wrap elementor-element-populated\">\n\t\t\t\t\t\t<div class=\"elementor-element elementor-element-1bd20ec elementor-position-top elementor-widget elementor-widget-image-box\" data-id=\"1bd20ec\" data-element_type=\"widget\" data-e-type=\"widget\" data-widget_type=\"image-box.default\">\n\t\t\t\t<div class=\"elementor-widget-container\">\n\t\t\t\t\t<div class=\"elementor-image-box-wrapper\"><figure class=\"elementor-image-box-img\"><img loading=\"lazy\" decoding=\"async\" width=\"401\" height=\"601\" src=\"https:\/\/www.ediren.com\/wp-content\/uploads\/2017\/07\/Ediren-enrique-saracho.jpg\" class=\"attachment-full size-full wp-image-1059\" alt=\"Ediren Enrique Saracho\" srcset=\"https:\/\/www.ediren.com\/wp-content\/uploads\/2017\/07\/Ediren-enrique-saracho.jpg 401w, https:\/\/www.ediren.com\/wp-content\/uploads\/2017\/07\/Ediren-enrique-saracho-200x300.jpg 200w\" sizes=\"(max-width: 401px) 100vw, 401px\" \/><\/figure><div class=\"elementor-image-box-content\"><h3 class=\"elementor-image-box-title\">Enrique Saracho Rotaeche<\/h3><p class=\"elementor-image-box-description\">(col. 010102457)<br \/>Psikiatra, psikoterapeuta, psikodramatista<br \/>e.saracho@ediren.com<br \/><a href=\"https:\/\/www.ediren.com\/eu\/enrique-saracho-rotaeche\/\" class=\"fancybox-iframe button\">Gehiago ezagutzea<\/a><\/p><\/div><\/div>\t\t\t\t<\/div>\n\t\t\t\t<\/div>\n\t\t\t\t<div class=\"elementor-element elementor-element-ea94d7d elementor-position-top elementor-widget elementor-widget-image-box\" data-id=\"ea94d7d\" data-element_type=\"widget\" data-e-type=\"widget\" data-widget_type=\"image-box.default\">\n\t\t\t\t<div class=\"elementor-widget-container\">\n\t\t\t\t\t<div class=\"elementor-image-box-wrapper\"><figure class=\"elementor-image-box-img\"><img loading=\"lazy\" decoding=\"async\" width=\"401\" height=\"601\" src=\"https:\/\/www.ediren.com\/wp-content\/uploads\/2017\/07\/Ediren-alain-urra.jpg\" class=\"attachment-full size-full wp-image-1057\" alt=\"Ediren Alain Urra\" srcset=\"https:\/\/www.ediren.com\/wp-content\/uploads\/2017\/07\/Ediren-alain-urra.jpg 401w, https:\/\/www.ediren.com\/wp-content\/uploads\/2017\/07\/Ediren-alain-urra-200x300.jpg 200w\" sizes=\"(max-width: 401px) 100vw, 401px\" \/><\/figure><div class=\"elementor-image-box-content\"><h3 class=\"elementor-image-box-title\">Alain Urra Ib\u00e1\u00f1ez de Sendadiano<\/h3><p class=\"elementor-image-box-description\">(AA00840)<br \/>Psikologoa, psikodramatista <br \/>a.urra@ediren.com<br \/><a href=\"https:\/\/www.ediren.com\/eu\/alain-urra-ibanez-de-sendadiano\/\" class=\"fancybox-iframe button\">Gehiago ezagutzea<\/a><\/p><\/div><\/div>\t\t\t\t<\/div>\n\t\t\t\t<\/div>\n\t\t\t\t\t<\/div>\n\t\t<\/div>\n\t\t\t\t<div class=\"elementor-column elementor-col-50 elementor-top-column elementor-element elementor-element-vlvg3da\" data-id=\"vlvg3da\" data-element_type=\"column\" data-e-type=\"column\">\n\t\t\t<div class=\"elementor-widget-wrap elementor-element-populated\">\n\t\t\t\t\t\t<div class=\"elementor-element elementor-element-77a194a elementor-position-top elementor-widget elementor-widget-image-box\" data-id=\"77a194a\" data-element_type=\"widget\" data-e-type=\"widget\" data-widget_type=\"image-box.default\">\n\t\t\t\t<div class=\"elementor-widget-container\">\n\t\t\t\t\t<div class=\"elementor-image-box-wrapper\"><figure class=\"elementor-image-box-img\"><img loading=\"lazy\" decoding=\"async\" width=\"400\" height=\"600\" src=\"https:\/\/www.ediren.com\/wp-content\/uploads\/2019\/02\/Ediren-Irati-Selles.jpg\" class=\"attachment-full size-full wp-image-5573\" alt=\"Ediren Irati Selles\" srcset=\"https:\/\/www.ediren.com\/wp-content\/uploads\/2019\/02\/Ediren-Irati-Selles.jpg 400w, https:\/\/www.ediren.com\/wp-content\/uploads\/2019\/02\/Ediren-Irati-Selles-200x300.jpg 200w\" sizes=\"(max-width: 400px) 100vw, 400px\" \/><\/figure><div class=\"elementor-image-box-content\"><h3 class=\"elementor-image-box-title\">Irati Sell\u00e9s Mateo<\/h3><p class=\"elementor-image-box-description\">(AA01025)<br \/>Psikologoa<br \/>i.selles@ediren.com<br \/><a href=\"https:\/\/www.ediren.com\/eu\/irati-selles-mateo\/\" class=\"fancybox-iframe button\">Gehiago ezagutzea<\/a><\/p><\/div><\/div>\t\t\t\t<\/div>\n\t\t\t\t<\/div>\n\t\t\t\t<div class=\"elementor-element elementor-element-7c76dc1 elementor-position-top elementor-widget elementor-widget-image-box\" data-id=\"7c76dc1\" data-element_type=\"widget\" data-e-type=\"widget\" data-widget_type=\"image-box.default\">\n\t\t\t\t<div class=\"elementor-widget-container\">\n\t\t\t\t\t<div class=\"elementor-image-box-wrapper\"><figure class=\"elementor-image-box-img\"><img loading=\"lazy\" decoding=\"async\" width=\"401\" height=\"601\" src=\"https:\/\/www.ediren.com\/wp-content\/uploads\/2017\/07\/Ediren-yolanda-valle.jpg\" class=\"attachment-full size-full wp-image-1064\" alt=\"Ediren Yolanda Valle\" srcset=\"https:\/\/www.ediren.com\/wp-content\/uploads\/2017\/07\/Ediren-yolanda-valle.jpg 401w, https:\/\/www.ediren.com\/wp-content\/uploads\/2017\/07\/Ediren-yolanda-valle-200x300.jpg 200w\" sizes=\"(max-width: 401px) 100vw, 401px\" \/><\/figure><div class=\"elementor-image-box-content\"><h3 class=\"elementor-image-box-title\">Yolanda Valle Lpz. de Samaniego<\/h3><p class=\"elementor-image-box-description\">(col. 1.300)<br \/>Fisioterapeuta, osteopata<br \/>y.valle@ediren.com<br \/><a href=\"https:\/\/www.ediren.com\/eu\/yolanda-valle-lopez-de-samaniego\/\" class=\"fancybox-iframe button\">Gehiago ezagutzea<\/a><\/p><\/div><\/div>\t\t\t\t<\/div>\n\t\t\t\t<\/div>\n\t\t\t\t\t<\/div>\n\t\t<\/div>\n\t\t\t\t\t<\/div>\n\t\t<\/section>\n\t\t\t\t<\/div>\n\t\t","protected":false},"excerpt":{"rendered":"<p>EDIRENen, diziplinarteko profesionalek osaturiko lantaldea dugu, non denek duten prestakuntza eta eskarmentu zabala. Equipo de Psic\u00f3logos y Fisioterapeutas Lantaldea osatzen duten kide guztiek oinarrizko prestakuntza dute zenbait eremutan: Psikologia, Psikiatria, Pedagogia, Gizarte Heziketa, Fisioterapia, Enpresa Zientziak, Informazio Zientziak, etab. Gainera, profesionaletako bakoitza hainbat arlotan espezializatuta dago, eta, hala, kooperatibak herritar-multzo zabalarekin lan egin dezake (haurtzaroa, [&hellip;]<\/p>\n","protected":false},"author":3,"featured_media":0,"parent":0,"menu_order":0,"comment_status":"closed","ping_status":"closed","template":"","meta":{"_genesis_hide_title":false,"_genesis_hide_breadcrumbs":false,"_genesis_hide_singular_image":false,"_genesis_hide_footer_widgets":false,"_genesis_custom_body_class":"","_genesis_custom_post_class":"","_genesis_layout":"","footnotes":""},"class_list":{"0":"post-3565","1":"page","2":"type-page","3":"status-publish","5":"entry","6":"has-post-thumbnail"},"yoast_head":"<!-- This site is optimized with the Yoast SEO plugin v27.4 - https:\/\/yoast.com\/product\/yoast-seo-wordpress\/ -->\n<title>Nuestro equipo - Expertos en Psicolog\u00eda y Fisioterapia en Vitoria Gasteiz<\/title>\n<meta name=\"description\" content=\"Nuestro equipo est\u00e1 formado por especialistas en Psicolog\u00eda, Psiquiatr\u00eda, Pedagog\u00eda, Educaci\u00f3n Social, Fisioterapia, Empresariales, Ciencias de la Informaci\u00f3n.\" \/>\n<meta name=\"robots\" content=\"index, follow, max-snippet:-1, max-image-preview:large, max-video-preview:-1\" \/>\n<link rel=\"canonical\" href=\"https:\/\/www.ediren.com\/eu\/lantaldea-2\/\" \/>\n<meta property=\"og:locale\" content=\"eu_ES\" \/>\n<meta property=\"og:type\" content=\"article\" \/>\n<meta property=\"og:title\" content=\"Nuestro equipo - Expertos en Psicolog\u00eda y Fisioterapia en Vitoria Gasteiz\" \/>\n<meta property=\"og:description\" content=\"Nuestro equipo est\u00e1 formado por especialistas en Psicolog\u00eda, Psiquiatr\u00eda, Pedagog\u00eda, Educaci\u00f3n Social, Fisioterapia, Empresariales, Ciencias de la Informaci\u00f3n.\" \/>\n<meta property=\"og:url\" content=\"https:\/\/www.ediren.com\/eu\/lantaldea-2\/\" \/>\n<meta property=\"og:site_name\" content=\"Ediren\" \/>\n<meta property=\"article:publisher\" content=\"https:\/\/www.facebook.com\/pages\/Ediren-SALUD\/298201266858043\" \/>\n<meta property=\"article:modified_time\" content=\"2026-03-31T11:29:54+00:00\" \/>\n<meta property=\"og:image\" content=\"https:\/\/www.ediren.com\/wp-content\/uploads\/2021\/03\/Miren-Barcena.jpg\" \/>\n\t<meta property=\"og:image:width\" content=\"401\" \/>\n\t<meta property=\"og:image:height\" content=\"601\" \/>\n\t<meta property=\"og:image:type\" content=\"image\/jpeg\" \/>\n<meta name=\"twitter:card\" content=\"summary_large_image\" \/>\n<meta name=\"twitter:site\" content=\"@edirensalud\" \/>\n<meta name=\"twitter:label1\" content=\"Est. reading time\" \/>\n\t<meta name=\"twitter:data1\" content=\"8 minutes\" \/>\n<script type=\"application\/ld+json\" class=\"yoast-schema-graph\">{\"@context\":\"https:\\\/\\\/schema.org\",\"@graph\":[{\"@type\":\"WebPage\",\"@id\":\"https:\\\/\\\/www.ediren.com\\\/eu\\\/lantaldea-2\\\/\",\"url\":\"https:\\\/\\\/www.ediren.com\\\/eu\\\/lantaldea-2\\\/\",\"name\":\"Nuestro equipo - Expertos en Psicolog\u00eda y Fisioterapia en Vitoria Gasteiz\",\"isPartOf\":{\"@id\":\"https:\\\/\\\/www.ediren.com\\\/eu\\\/#website\"},\"primaryImageOfPage\":{\"@id\":\"https:\\\/\\\/www.ediren.com\\\/eu\\\/lantaldea-2\\\/#primaryimage\"},\"image\":{\"@id\":\"https:\\\/\\\/www.ediren.com\\\/eu\\\/lantaldea-2\\\/#primaryimage\"},\"thumbnailUrl\":\"https:\\\/\\\/www.ediren.com\\\/wp-content\\\/uploads\\\/2021\\\/03\\\/Miren-Barcena.jpg\",\"datePublished\":\"2017-07-14T09:16:07+00:00\",\"dateModified\":\"2026-03-31T11:29:54+00:00\",\"description\":\"Nuestro equipo est\u00e1 formado por especialistas en Psicolog\u00eda, Psiquiatr\u00eda, Pedagog\u00eda, Educaci\u00f3n Social, Fisioterapia, Empresariales, Ciencias de la Informaci\u00f3n.\",\"breadcrumb\":{\"@id\":\"https:\\\/\\\/www.ediren.com\\\/eu\\\/lantaldea-2\\\/#breadcrumb\"},\"inLanguage\":\"eu-ES\",\"potentialAction\":[{\"@type\":\"ReadAction\",\"target\":[\"https:\\\/\\\/www.ediren.com\\\/eu\\\/lantaldea-2\\\/\"]}]},{\"@type\":\"ImageObject\",\"inLanguage\":\"eu-ES\",\"@id\":\"https:\\\/\\\/www.ediren.com\\\/eu\\\/lantaldea-2\\\/#primaryimage\",\"url\":\"https:\\\/\\\/www.ediren.com\\\/wp-content\\\/uploads\\\/2021\\\/03\\\/Miren-Barcena.jpg\",\"contentUrl\":\"https:\\\/\\\/www.ediren.com\\\/wp-content\\\/uploads\\\/2021\\\/03\\\/Miren-Barcena.jpg\"},{\"@type\":\"BreadcrumbList\",\"@id\":\"https:\\\/\\\/www.ediren.com\\\/eu\\\/lantaldea-2\\\/#breadcrumb\",\"itemListElement\":[{\"@type\":\"ListItem\",\"position\":1,\"name\":\"Portada\",\"item\":\"https:\\\/\\\/www.ediren.com\\\/eu\\\/hasiera\\\/\"},{\"@type\":\"ListItem\",\"position\":2,\"name\":\"Lantaldea\"}]},{\"@type\":\"WebSite\",\"@id\":\"https:\\\/\\\/www.ediren.com\\\/eu\\\/#website\",\"url\":\"https:\\\/\\\/www.ediren.com\\\/eu\\\/\",\"name\":\"Ediren\",\"description\":\"Cooperativa de Salud\",\"potentialAction\":[{\"@type\":\"SearchAction\",\"target\":{\"@type\":\"EntryPoint\",\"urlTemplate\":\"https:\\\/\\\/www.ediren.com\\\/eu\\\/?s={search_term_string}\"},\"query-input\":{\"@type\":\"PropertyValueSpecification\",\"valueRequired\":true,\"valueName\":\"search_term_string\"}}],\"inLanguage\":\"eu-ES\"}]}<\/script>\n<!-- \/ Yoast SEO plugin. -->","yoast_head_json":{"title":"Nuestro equipo - Expertos en Psicolog\u00eda y Fisioterapia en Vitoria Gasteiz","description":"Nuestro equipo est\u00e1 formado por especialistas en Psicolog\u00eda, Psiquiatr\u00eda, Pedagog\u00eda, Educaci\u00f3n Social, Fisioterapia, Empresariales, Ciencias de la Informaci\u00f3n.","robots":{"index":"index","follow":"follow","max-snippet":"max-snippet:-1","max-image-preview":"max-image-preview:large","max-video-preview":"max-video-preview:-1"},"canonical":"https:\/\/www.ediren.com\/eu\/lantaldea-2\/","og_locale":"eu_ES","og_type":"article","og_title":"Nuestro equipo - Expertos en Psicolog\u00eda y Fisioterapia en Vitoria Gasteiz","og_description":"Nuestro equipo est\u00e1 formado por especialistas en Psicolog\u00eda, Psiquiatr\u00eda, Pedagog\u00eda, Educaci\u00f3n Social, Fisioterapia, Empresariales, Ciencias de la Informaci\u00f3n.","og_url":"https:\/\/www.ediren.com\/eu\/lantaldea-2\/","og_site_name":"Ediren","article_publisher":"https:\/\/www.facebook.com\/pages\/Ediren-SALUD\/298201266858043","article_modified_time":"2026-03-31T11:29:54+00:00","og_image":[{"width":401,"height":601,"url":"https:\/\/www.ediren.com\/wp-content\/uploads\/2021\/03\/Miren-Barcena.jpg","type":"image\/jpeg"}],"twitter_card":"summary_large_image","twitter_site":"@edirensalud","twitter_misc":{"Est. reading time":"8 minutes"},"schema":{"@context":"https:\/\/schema.org","@graph":[{"@type":"WebPage","@id":"https:\/\/www.ediren.com\/eu\/lantaldea-2\/","url":"https:\/\/www.ediren.com\/eu\/lantaldea-2\/","name":"Nuestro equipo - Expertos en Psicolog\u00eda y Fisioterapia en Vitoria Gasteiz","isPartOf":{"@id":"https:\/\/www.ediren.com\/eu\/#website"},"primaryImageOfPage":{"@id":"https:\/\/www.ediren.com\/eu\/lantaldea-2\/#primaryimage"},"image":{"@id":"https:\/\/www.ediren.com\/eu\/lantaldea-2\/#primaryimage"},"thumbnailUrl":"https:\/\/www.ediren.com\/wp-content\/uploads\/2021\/03\/Miren-Barcena.jpg","datePublished":"2017-07-14T09:16:07+00:00","dateModified":"2026-03-31T11:29:54+00:00","description":"Nuestro equipo est\u00e1 formado por especialistas en Psicolog\u00eda, Psiquiatr\u00eda, Pedagog\u00eda, Educaci\u00f3n Social, Fisioterapia, Empresariales, Ciencias de la Informaci\u00f3n.","breadcrumb":{"@id":"https:\/\/www.ediren.com\/eu\/lantaldea-2\/#breadcrumb"},"inLanguage":"eu-ES","potentialAction":[{"@type":"ReadAction","target":["https:\/\/www.ediren.com\/eu\/lantaldea-2\/"]}]},{"@type":"ImageObject","inLanguage":"eu-ES","@id":"https:\/\/www.ediren.com\/eu\/lantaldea-2\/#primaryimage","url":"https:\/\/www.ediren.com\/wp-content\/uploads\/2021\/03\/Miren-Barcena.jpg","contentUrl":"https:\/\/www.ediren.com\/wp-content\/uploads\/2021\/03\/Miren-Barcena.jpg"},{"@type":"BreadcrumbList","@id":"https:\/\/www.ediren.com\/eu\/lantaldea-2\/#breadcrumb","itemListElement":[{"@type":"ListItem","position":1,"name":"Portada","item":"https:\/\/www.ediren.com\/eu\/hasiera\/"},{"@type":"ListItem","position":2,"name":"Lantaldea"}]},{"@type":"WebSite","@id":"https:\/\/www.ediren.com\/eu\/#website","url":"https:\/\/www.ediren.com\/eu\/","name":"Ediren","description":"Cooperativa de Salud","potentialAction":[{"@type":"SearchAction","target":{"@type":"EntryPoint","urlTemplate":"https:\/\/www.ediren.com\/eu\/?s={search_term_string}"},"query-input":{"@type":"PropertyValueSpecification","valueRequired":true,"valueName":"search_term_string"}}],"inLanguage":"eu-ES"}]}},"_links":{"self":[{"href":"https:\/\/www.ediren.com\/eu\/wp-json\/wp\/v2\/pages\/3565","targetHints":{"allow":["GET"]}}],"collection":[{"href":"https:\/\/www.ediren.com\/eu\/wp-json\/wp\/v2\/pages"}],"about":[{"href":"https:\/\/www.ediren.com\/eu\/wp-json\/wp\/v2\/types\/page"}],"author":[{"embeddable":true,"href":"https:\/\/www.ediren.com\/eu\/wp-json\/wp\/v2\/users\/3"}],"replies":[{"embeddable":true,"href":"https:\/\/www.ediren.com\/eu\/wp-json\/wp\/v2\/comments?post=3565"}],"version-history":[{"count":273,"href":"https:\/\/www.ediren.com\/eu\/wp-json\/wp\/v2\/pages\/3565\/revisions"}],"predecessor-version":[{"id":25045,"href":"https:\/\/www.ediren.com\/eu\/wp-json\/wp\/v2\/pages\/3565\/revisions\/25045"}],"wp:attachment":[{"href":"https:\/\/www.ediren.com\/eu\/wp-json\/wp\/v2\/media?parent=3565"}],"curies":[{"name":"wp","href":"https:\/\/api.w.org\/{rel}","templated":true}]}}